{"id":564,"date":"2024-09-10T07:40:24","date_gmt":"2024-09-10T07:40:24","guid":{"rendered":"https:\/\/bl-heubach.de\/?page_id=564"},"modified":"2024-09-10T07:40:24","modified_gmt":"2024-09-10T07:40:24","slug":"kommunalwahl-2024","status":"publish","type":"page","link":"https:\/\/bl-heubach.de\/?page_id=564","title":{"rendered":"Kommunalwahl 2024"},"content":{"rendered":"\n<figure class=\"wp-block-image size-large\"><img loading=\"lazy\" decoding=\"async\" width=\"1024\" height=\"455\" src=\"https:\/\/bl-heubach.de\/wp-content\/uploads\/2024\/04\/WhatsApp-Bild-2024-04-02-um-15.19.33_847ff6c7-1024x455.jpg\" alt=\"\" class=\"wp-image-384\" srcset=\"https:\/\/bl-heubach.de\/wp-content\/uploads\/2024\/04\/WhatsApp-Bild-2024-04-02-um-15.19.33_847ff6c7-1024x455.jpg 1024w, https:\/\/bl-heubach.de\/wp-content\/uploads\/2024\/04\/WhatsApp-Bild-2024-04-02-um-15.19.33_847ff6c7-300x133.jpg 300w, https:\/\/bl-heubach.de\/wp-content\/uploads\/2024\/04\/WhatsApp-Bild-2024-04-02-um-15.19.33_847ff6c7-768x341.jpg 768w, https:\/\/bl-heubach.de\/wp-content\/uploads\/2024\/04\/WhatsApp-Bild-2024-04-02-um-15.19.33_847ff6c7.jpg 1280w\" sizes=\"auto, (max-width: 767px) 89vw, (max-width: 1000px) 54vw, (max-width: 1071px) 543px, 580px\" \/><\/figure>\n\n\n\n<p class=\"has-text-align-center has-medium-font-size\"><strong>Kommunalpolitik =  Mitwirken + Gestalten<\/strong><\/p>\n\n\n\n<p class=\"has-black-color has-text-color has-link-color wp-elements-7ea54ad8023453aa49697ec20efd994e\" id=\"block-bdf28a50-a6a1-40cf-be6f-f8a845d7d526\"><strong>Am Sonntag, 09.06.2024 fanden die Wahlen f\u00fcr den Gemeinderats- und Ortschaftsrat in Heubach und Lautern statt.<\/strong><\/p>\n\n\n\n<p class=\"has-black-color has-text-color has-link-color wp-elements-09a74e73f174a804294e0fe71dc8f32d\" id=\"block-d50e0b65-5d97-4fc9-8248-5a79bbe8280e\">Die <strong>B\u00fcrgerliche Liste Heubach <\/strong>bedankt sie f\u00fcr Ihr Vertrauen und Ihre Stimmen.<\/p>\n\n\n\n<p>Demn\u00e4chst stellen wir hier unsere neue Gemeinderatsfraktion und die Aufgabenverteilung in den verschiedenen Gremien vor.<\/p>\n\n\n\n<p>Bei allen Kandidatinnen und Kandidaten bedanken wir uns f\u00fcr Ihre Unterst\u00fctzung, sowie bei den ausscheidenden Gemeinder\u00e4tinnen und Gemeinder\u00e4ten f\u00fcr Ihre Arbeit den vergangenen Jahren.<\/p>\n\n\n\n<p>In Heubach stellten sich f\u00fcr die BL zur Wahl&#8230;<\/p>\n\n\n\n<figure class=\"wp-block-gallery has-nested-images columns-default is-cropped wp-block-gallery-1 is-layout-flex wp-block-gallery-is-layout-flex\">\n<figure class=\"wp-block-image size-large is-style-rounded\"><a href=\"https:\/\/bl-heubach.de\/?page_id=456\"><img loading=\"lazy\" decoding=\"async\" width=\"476\" height=\"600\" data-id=\"565\" src=\"https:\/\/bl-heubach.de\/wp-content\/uploads\/2024\/09\/image.jpeg\" alt=\"\" class=\"wp-image-565\" srcset=\"https:\/\/bl-heubach.de\/wp-content\/uploads\/2024\/09\/image.jpeg 476w, https:\/\/bl-heubach.de\/wp-content\/uploads\/2024\/09\/image-238x300.jpeg 238w\" sizes=\"auto, (max-width: 476px) 100vw, 476px\" \/><\/a><figcaption class=\"wp-element-caption\">Christina Masuch-Kleiser<\/figcaption><\/figure>\n\n\n\n<figure class=\"wp-block-image size-large is-style-rounded\"><a href=\"https:\/\/bl-heubach.de\/?page_id=462\"><img loading=\"lazy\" decoding=\"async\" width=\"476\" height=\"600\" data-id=\"411\" src=\"https:\/\/bl-heubach.de\/wp-content\/uploads\/2024\/04\/02_Unfried.jpg\" alt=\"\" class=\"wp-image-411\" srcset=\"https:\/\/bl-heubach.de\/wp-content\/uploads\/2024\/04\/02_Unfried.jpg 476w, https:\/\/bl-heubach.de\/wp-content\/uploads\/2024\/04\/02_Unfried-238x300.jpg 238w\" sizes=\"auto, (max-width: 476px) 100vw, 476px\" \/><\/a><figcaption class=\"wp-element-caption\">Michaela Unfried<\/figcaption><\/figure>\n\n\n\n<figure class=\"wp-block-image size-large is-style-rounded\"><a href=\"https:\/\/bl-heubach.de\/?page_id=465\"><img loading=\"lazy\" decoding=\"async\" width=\"476\" height=\"600\" data-id=\"412\" src=\"https:\/\/bl-heubach.de\/wp-content\/uploads\/2024\/04\/03_Zimmermann.jpg\" alt=\"\" class=\"wp-image-412\" srcset=\"https:\/\/bl-heubach.de\/wp-content\/uploads\/2024\/04\/03_Zimmermann.jpg 476w, https:\/\/bl-heubach.de\/wp-content\/uploads\/2024\/04\/03_Zimmermann-238x300.jpg 238w\" sizes=\"auto, (max-width: 476px) 100vw, 476px\" \/><\/a><figcaption class=\"wp-element-caption\">Martina Zimmermann<\/figcaption><\/figure>\n\n\n\n<figure class=\"wp-block-image size-large is-style-rounded\"><a href=\"https:\/\/bl-heubach.de\/?page_id=468\"><img loading=\"lazy\" decoding=\"async\" width=\"476\" height=\"600\" data-id=\"413\" src=\"https:\/\/bl-heubach.de\/wp-content\/uploads\/2024\/04\/04_Arcidiacone.jpg\" alt=\"\" class=\"wp-image-413\" srcset=\"https:\/\/bl-heubach.de\/wp-content\/uploads\/2024\/04\/04_Arcidiacone.jpg 476w, https:\/\/bl-heubach.de\/wp-content\/uploads\/2024\/04\/04_Arcidiacone-238x300.jpg 238w\" sizes=\"auto, (max-width: 476px) 100vw, 476px\" \/><\/a><figcaption class=\"wp-element-caption\">Antonio Arcidiacone<\/figcaption><\/figure>\n\n\n\n<figure class=\"wp-block-image size-large is-style-rounded\"><a href=\"https:\/\/bl-heubach.de\/?page_id=471\"><img loading=\"lazy\" decoding=\"async\" width=\"476\" height=\"600\" data-id=\"414\" src=\"https:\/\/bl-heubach.de\/wp-content\/uploads\/2024\/04\/05_Biegon.jpg\" alt=\"\" class=\"wp-image-414\" srcset=\"https:\/\/bl-heubach.de\/wp-content\/uploads\/2024\/04\/05_Biegon.jpg 476w, https:\/\/bl-heubach.de\/wp-content\/uploads\/2024\/04\/05_Biegon-238x300.jpg 238w\" sizes=\"auto, (max-width: 476px) 100vw, 476px\" \/><\/a><figcaption class=\"wp-element-caption\">Jochen Biegon<\/figcaption><\/figure>\n\n\n\n<figure class=\"wp-block-image size-large is-style-rounded\"><a href=\"https:\/\/bl-heubach.de\/?page_id=474\"><img loading=\"lazy\" decoding=\"async\" width=\"476\" height=\"600\" data-id=\"415\" src=\"https:\/\/bl-heubach.de\/wp-content\/uploads\/2024\/04\/06_Bretzler.jpg\" alt=\"\" class=\"wp-image-415\" srcset=\"https:\/\/bl-heubach.de\/wp-content\/uploads\/2024\/04\/06_Bretzler.jpg 476w, https:\/\/bl-heubach.de\/wp-content\/uploads\/2024\/04\/06_Bretzler-238x300.jpg 238w\" sizes=\"auto, (max-width: 476px) 100vw, 476px\" \/><\/a><figcaption class=\"wp-element-caption\">Markus Bretzler<\/figcaption><\/figure>\n\n\n\n<figure class=\"wp-block-image size-large is-style-rounded\"><a href=\"https:\/\/bl-heubach.de\/?page_id=477\"><img loading=\"lazy\" decoding=\"async\" width=\"476\" height=\"600\" data-id=\"416\" src=\"https:\/\/bl-heubach.de\/wp-content\/uploads\/2024\/04\/07_Frey.jpg\" alt=\"\" class=\"wp-image-416\" srcset=\"https:\/\/bl-heubach.de\/wp-content\/uploads\/2024\/04\/07_Frey.jpg 476w, https:\/\/bl-heubach.de\/wp-content\/uploads\/2024\/04\/07_Frey-238x300.jpg 238w\" sizes=\"auto, (max-width: 476px) 100vw, 476px\" \/><\/a><figcaption class=\"wp-element-caption\">Johann Frey<\/figcaption><\/figure>\n\n\n\n<figure class=\"wp-block-image size-large is-style-rounded\"><a href=\"https:\/\/bl-heubach.de\/?page_id=480\"><img loading=\"lazy\" decoding=\"async\" width=\"476\" height=\"600\" data-id=\"417\" src=\"https:\/\/bl-heubach.de\/wp-content\/uploads\/2024\/04\/08_Kelbass.jpg\" alt=\"\" class=\"wp-image-417\" srcset=\"https:\/\/bl-heubach.de\/wp-content\/uploads\/2024\/04\/08_Kelbass.jpg 476w, https:\/\/bl-heubach.de\/wp-content\/uploads\/2024\/04\/08_Kelbass-238x300.jpg 238w\" sizes=\"auto, (max-width: 476px) 100vw, 476px\" \/><\/a><figcaption class=\"wp-element-caption\">Martin Kelba\u00df<\/figcaption><\/figure>\n\n\n\n<figure class=\"wp-block-image size-large is-style-rounded\"><a href=\"https:\/\/bl-heubach.de\/?page_id=485\"><img loading=\"lazy\" decoding=\"async\" width=\"476\" height=\"600\" data-id=\"418\" src=\"https:\/\/bl-heubach.de\/wp-content\/uploads\/2024\/04\/09_Schubauer.jpg\" alt=\"\" class=\"wp-image-418\" srcset=\"https:\/\/bl-heubach.de\/wp-content\/uploads\/2024\/04\/09_Schubauer.jpg 476w, https:\/\/bl-heubach.de\/wp-content\/uploads\/2024\/04\/09_Schubauer-238x300.jpg 238w\" sizes=\"auto, (max-width: 476px) 100vw, 476px\" \/><\/a><figcaption class=\"wp-element-caption\">Tom Schubauer<\/figcaption><\/figure>\n\n\n\n<figure class=\"wp-block-image size-full is-style-rounded\"><img loading=\"lazy\" decoding=\"async\" width=\"400\" height=\"600\" data-id=\"435\" src=\"https:\/\/bl-heubach.de\/wp-content\/uploads\/2024\/04\/Blanko_400-600.jpg\" alt=\"\" class=\"wp-image-435\" srcset=\"https:\/\/bl-heubach.de\/wp-content\/uploads\/2024\/04\/Blanko_400-600.jpg 400w, https:\/\/bl-heubach.de\/wp-content\/uploads\/2024\/04\/Blanko_400-600-200x300.jpg 200w\" sizes=\"auto, (max-width: 400px) 100vw, 400px\" \/><\/figure>\n\n\n\n<figure class=\"wp-block-image size-full is-style-rounded\"><a href=\"https:\/\/bl-heubach.de\/?page_id=488\"><img loading=\"lazy\" decoding=\"async\" width=\"476\" height=\"600\" data-id=\"419\" src=\"https:\/\/bl-heubach.de\/wp-content\/uploads\/2024\/04\/10_Waibel.jpg\" alt=\"\" class=\"wp-image-419\" srcset=\"https:\/\/bl-heubach.de\/wp-content\/uploads\/2024\/04\/10_Waibel.jpg 476w, https:\/\/bl-heubach.de\/wp-content\/uploads\/2024\/04\/10_Waibel-238x300.jpg 238w\" sizes=\"auto, (max-width: 476px) 100vw, 476px\" \/><\/a><figcaption class=\"wp-element-caption\">Maximilian Waibel<\/figcaption><\/figure>\n\n\n\n<figure class=\"wp-block-image size-large is-style-rounded\"><img loading=\"lazy\" decoding=\"async\" width=\"400\" height=\"600\" data-id=\"435\" src=\"https:\/\/bl-heubach.de\/wp-content\/uploads\/2024\/04\/Blanko_400-600.jpg\" alt=\"\" class=\"wp-image-435\" srcset=\"https:\/\/bl-heubach.de\/wp-content\/uploads\/2024\/04\/Blanko_400-600.jpg 400w, https:\/\/bl-heubach.de\/wp-content\/uploads\/2024\/04\/Blanko_400-600-200x300.jpg 200w\" sizes=\"auto, (max-width: 400px) 100vw, 400px\" \/><\/figure>\n<\/figure>\n\n\n\n<p>und f\u00fcr Lautern&#8230;<\/p>\n\n\n\n<figure class=\"wp-block-gallery has-nested-images columns-default is-cropped wp-block-gallery-2 is-layout-flex wp-block-gallery-is-layout-flex\">\n<figure class=\"wp-block-image size-large is-style-rounded\"><a href=\"https:\/\/bl-heubach.de\/?page_id=494\"><img loading=\"lazy\" decoding=\"async\" width=\"476\" height=\"600\" data-id=\"420\" src=\"https:\/\/bl-heubach.de\/wp-content\/uploads\/2024\/04\/11_Maier.jpg\" alt=\"\" class=\"wp-image-420\" srcset=\"https:\/\/bl-heubach.de\/wp-content\/uploads\/2024\/04\/11_Maier.jpg 476w, https:\/\/bl-heubach.de\/wp-content\/uploads\/2024\/04\/11_Maier-238x300.jpg 238w\" sizes=\"auto, (max-width: 476px) 100vw, 476px\" \/><\/a><figcaption class=\"wp-element-caption\">Andreas Maier<\/figcaption><\/figure>\n\n\n\n<figure class=\"wp-block-image size-large is-style-rounded\"><a href=\"https:\/\/bl-heubach.de\/?page_id=497\"><img loading=\"lazy\" decoding=\"async\" width=\"476\" height=\"600\" data-id=\"421\" src=\"https:\/\/bl-heubach.de\/wp-content\/uploads\/2024\/04\/12_Woditsch.jpg\" alt=\"\" class=\"wp-image-421\" srcset=\"https:\/\/bl-heubach.de\/wp-content\/uploads\/2024\/04\/12_Woditsch.jpg 476w, https:\/\/bl-heubach.de\/wp-content\/uploads\/2024\/04\/12_Woditsch-238x300.jpg 238w\" sizes=\"auto, (max-width: 476px) 100vw, 476px\" \/><\/a><figcaption class=\"wp-element-caption\">Philipp Woditsch<\/figcaption><\/figure>\n\n\n\n<figure class=\"wp-block-image size-large\"><img loading=\"lazy\" decoding=\"async\" width=\"400\" height=\"600\" data-id=\"435\" src=\"https:\/\/bl-heubach.de\/wp-content\/uploads\/2024\/04\/Blanko_400-600.jpg\" alt=\"\" class=\"wp-image-435\" srcset=\"https:\/\/bl-heubach.de\/wp-content\/uploads\/2024\/04\/Blanko_400-600.jpg 400w, https:\/\/bl-heubach.de\/wp-content\/uploads\/2024\/04\/Blanko_400-600-200x300.jpg 200w\" sizes=\"auto, (max-width: 400px) 100vw, 400px\" \/><\/figure>\n<\/figure>\n\n\n\n<ul class=\"wp-block-list\" id=\"block-91ae8666-f98c-4915-bf82-62a60820fa22\">\n<li>In der Zeit vor der Wahl gab es verschiedene Aktionen und Angebote uns kennenzulernen. Im einzelnen war dies am &#8230;<\/li>\n<\/ul>\n\n\n\n<p>Montag, 29.04.24, 18.00 Uhr, Treffpunkt an der Bucher Dorfschenke <strong><a href=\"https:\/\/bl-heubach.de\/?page_id=441\">-&gt; Bericht<\/a><\/strong><\/p>\n\n\n\n<p>Montag, 06.05.24, 17.00 Uhr, Besuch von Allnatura und den Zieglerschen <strong>-&gt; <a href=\"https:\/\/bl-heubach.de\/?page_id=508\">Bericht<\/a><\/strong><\/p>\n\n\n\n<p>Donnerstag, 16.05.24, 18.30 Uhr, Treffpunkt beim Lauterner Bezirksamt <strong>-&gt; <a href=\"https:\/\/bl-heubach.de\/?page_id=529\">Bericht<\/a><\/strong><\/p>\n\n\n\n<p class=\"has-black-color has-text-color has-link-color wp-elements-92eda51d6b96216df7a7144ef4447a61\">Dienstag, 28.05.24, 19.30 Uhr, Treffpunkt in Beuren an der Kapelle <strong>-&gt; <a href=\"https:\/\/bl-heubach.de\/?page_id=544\">Bericht<\/a><\/strong><\/p>\n\n\n\n<hr class=\"wp-block-separator has-alpha-channel-opacity\"\/>\n\n\n\n<hr class=\"wp-block-separator has-alpha-channel-opacity\"\/>\n\n\n\n<h2 class=\"wp-block-heading\">Herzlich Willkommen<\/h2>\n\n\n\n<p class=\"has-text-align-center\">Herzlich willkommen auf unserer Webseite. <br>Hier k\u00f6nnen Sie sich \u00fcber die B\u00fcrgerliche Liste Heubach, deren Vertreter in den Gemeinderatsgremien und den Sitzungskalender informieren.<\/p>\n\n\n<div class=\"wp-block-image\">\n<figure class=\"aligncenter size-large\"><img loading=\"lazy\" decoding=\"async\" width=\"1024\" height=\"137\" src=\"https:\/\/bl-heubach.de\/wp-content\/uploads\/2019\/08\/BL_Header_2014b-1024x137.jpg\" alt=\"\" class=\"wp-image-20\" srcset=\"https:\/\/bl-heubach.de\/wp-content\/uploads\/2019\/08\/BL_Header_2014b-1024x137.jpg 1024w, https:\/\/bl-heubach.de\/wp-content\/uploads\/2019\/08\/BL_Header_2014b-300x40.jpg 300w, https:\/\/bl-heubach.de\/wp-content\/uploads\/2019\/08\/BL_Header_2014b-768x103.jpg 768w, https:\/\/bl-heubach.de\/wp-content\/uploads\/2019\/08\/BL_Header_2014b.jpg 1917w\" sizes=\"auto, (max-width: 767px) 89vw, (max-width: 1000px) 54vw, (max-width: 1071px) 543px, 580px\" \/><\/figure><\/div>","protected":false},"excerpt":{"rendered":"<p>Kommunalpolitik = Mitwirken + Gestalten Am Sonntag, 09.06.2024 fanden die Wahlen f\u00fcr den Gemeinderats- und Ortschaftsrat in Heubach und Lautern statt. Die B\u00fcrgerliche Liste Heubach bedankt sie f\u00fcr Ihr Vertrauen und Ihre Stimmen. Demn\u00e4chst stellen wir hier unsere neue Gemeinderatsfraktion und die Aufgabenverteilung in den verschiedenen Gremien vor. Bei allen Kandidatinnen und Kandidaten bedanken wir &hellip; <\/p>\n<p class=\"link-more\"><a href=\"https:\/\/bl-heubach.de\/?page_id=564\" class=\"more-link\"><span class=\"screen-reader-text\">\u201eKommunalwahl 2024\u201c<\/span> weiterlesen<\/a><\/p>\n","protected":false},"author":1,"featured_media":0,"parent":0,"menu_order":0,"comment_status":"closed","ping_status":"closed","template":"","meta":{"footnotes":""},"class_list":["post-564","page","type-page","status-publish","hentry"],"_links":{"self":[{"href":"https:\/\/bl-heubach.de\/index.php?rest_route=\/wp\/v2\/pages\/564","targetHints":{"allow":["GET"]}}],"collection":[{"href":"https:\/\/bl-heubach.de\/index.php?rest_route=\/wp\/v2\/pages"}],"about":[{"href":"https:\/\/bl-heubach.de\/index.php?rest_route=\/wp\/v2\/types\/page"}],"author":[{"embeddable":true,"href":"https:\/\/bl-heubach.de\/index.php?rest_route=\/wp\/v2\/users\/1"}],"replies":[{"embeddable":true,"href":"https:\/\/bl-heubach.de\/index.php?rest_route=%2Fwp%2Fv2%2Fcomments&post=564"}],"version-history":[{"count":1,"href":"https:\/\/bl-heubach.de\/index.php?rest_route=\/wp\/v2\/pages\/564\/revisions"}],"predecessor-version":[{"id":566,"href":"https:\/\/bl-heubach.de\/index.php?rest_route=\/wp\/v2\/pages\/564\/revisions\/566"}],"wp:attachment":[{"href":"https:\/\/bl-heubach.de\/index.php?rest_route=%2Fwp%2Fv2%2Fmedia&parent=564"}],"curies":[{"name":"wp","href":"https:\/\/api.w.org\/{rel}","templated":true}]}}